{"id":24718,"date":"2026-01-08T16:14:28","date_gmt":"2026-01-08T16:14:28","guid":{"rendered":"https:\/\/www.spaininvestorsday.com\/?page_id=24718"},"modified":"2026-01-08T16:16:45","modified_gmt":"2026-01-08T16:16:45","slug":"juan-pablo-garcia-lliberos-de-porres","status":"publish","type":"page","link":"https:\/\/www.spaininvestorsday.com\/en\/editions\/speakers\/juan-pablo-garcia-lliberos-de-porres\/","title":{"rendered":"Juan Pablo Garc\u00eda-Lliber\u00f3s de Porres"},"content":{"rendered":"\t\t<div data-elementor-type=\"wp-page\" data-elementor-id=\"24718\" class=\"elementor elementor-24718 elementor-18248\" data-elementor-post-type=\"page\">\n\t\t\t\t\t\t<section class=\"elementor-section elementor-top-section elementor-element elementor-element-15a05b3e elementor-section-boxed elementor-section-height-default elementor-section-height-default\" data-id=\"15a05b3e\" data-element_type=\"section\" data-settings=\"{&quot;background_background&quot;:&quot;classic&quot;}\">\n\t\t\t\t\t\t<div class=\"elementor-container elementor-column-gap-default\">\n\t\t\t\t\t<div class=\"elementor-column elementor-col-33 elementor-top-column elementor-element elementor-element-74492401\" data-id=\"74492401\" data-element_type=\"column\">\n\t\t\t<div class=\"elementor-widget-wrap\">\n\t\t\t\t\t\t\t<\/div>\n\t\t<\/div>\n\t\t\t\t<div class=\"elementor-column elementor-col-66 elementor-top-column elementor-element elementor-element-306bd958\" data-id=\"306bd958\" data-element_type=\"column\">\n\t\t\t<div class=\"elementor-widget-wrap elementor-element-populated\">\n\t\t\t\t\t\t<div class=\"elementor-element elementor-element-668b1fa elementor-widget elementor-widget-text-editor\" data-id=\"668b1fa\" data-element_type=\"widget\" data-widget_type=\"text-editor.default\">\n\t\t\t\t<div class=\"elementor-widget-container\">\n\t\t\t\t\t\t\t\t\t<p>D. Juan Pablo Garc\u00eda-Lliber\u00f3s<\/p>\t\t\t\t\t\t\t\t<\/div>\n\t\t\t\t<\/div>\n\t\t\t\t\t<\/div>\n\t\t<\/div>\n\t\t\t\t\t<\/div>\n\t\t<\/section>\n\t\t\t\t<section class=\"elementor-section elementor-top-section elementor-element elementor-element-3729ed05 elementor-section-boxed elementor-section-height-default elementor-section-height-default\" data-id=\"3729ed05\" data-element_type=\"section\">\n\t\t\t\t\t\t<div class=\"elementor-container elementor-column-gap-default\">\n\t\t\t\t\t<div class=\"elementor-column elementor-col-33 elementor-top-column elementor-element elementor-element-6b3bb2bc\" data-id=\"6b3bb2bc\" data-element_type=\"column\">\n\t\t\t<div class=\"elementor-widget-wrap elementor-element-populated\">\n\t\t\t\t\t\t<div class=\"elementor-element elementor-element-40412d5a elementor-absolute elementor-hidden-mobile elementor-widget elementor-widget-image\" data-id=\"40412d5a\" data-element_type=\"widget\" data-settings=\"{&quot;_position&quot;:&quot;absolute&quot;}\" data-widget_type=\"image.default\">\n\t\t\t\t<div class=\"elementor-widget-container\">\n\t\t\t\t\t\t\t\t\t\t\t\t\t\t\t<img decoding=\"async\" src=\"https:\/\/www.spaininvestorsday.com\/wp-content\/uploads\/elementor\/thumbs\/1695820624103-rhcrh8wrsfzse9hz5oxc3mbu39fgh3cyn9v2yxad3k.jpg\" title=\"1695820624103\" alt=\"1695820624103\" loading=\"lazy\" \/>\t\t\t\t\t\t\t\t\t\t\t\t\t\t\t<\/div>\n\t\t\t\t<\/div>\n\t\t\t\t<div class=\"elementor-element elementor-element-71a69102 elementor-hidden-desktop elementor-hidden-tablet elementor-widget elementor-widget-image\" data-id=\"71a69102\" data-element_type=\"widget\" data-widget_type=\"image.default\">\n\t\t\t\t<div class=\"elementor-widget-container\">\n\t\t\t\t\t\t\t\t\t\t\t\t\t\t\t<img decoding=\"async\" src=\"https:\/\/www.spaininvestorsday.com\/wp-content\/uploads\/elementor\/thumbs\/1695820624103-rhcrh8wrsfzse9hz5oxc3mbu39fgh3cyn9v2yxad3k.jpg\" title=\"1695820624103\" alt=\"1695820624103\" loading=\"lazy\" \/>\t\t\t\t\t\t\t\t\t\t\t\t\t\t\t<\/div>\n\t\t\t\t<\/div>\n\t\t\t\t\t<\/div>\n\t\t<\/div>\n\t\t\t\t<div class=\"elementor-column elementor-col-66 elementor-top-column elementor-element elementor-element-5c39662a\" data-id=\"5c39662a\" data-element_type=\"column\">\n\t\t\t<div class=\"elementor-widget-wrap elementor-element-populated\">\n\t\t\t\t\t\t<div class=\"elementor-element elementor-element-72bf71 elementor-widget elementor-widget-text-editor\" data-id=\"72bf71\" data-element_type=\"widget\" data-widget_type=\"text-editor.default\">\n\t\t\t\t<div class=\"elementor-widget-container\">\n\t\t\t\t\t\t\t\t\t<h4><span class=\"TextRun SCXW143803641 BCX8\" lang=\"EN-US\" xml:lang=\"EN-US\" data-contrast=\"auto\"><span class=\"NormalTextRun SCXW143803641 BCX8\">Chief Commercial Officer (CCO) \u2014 Aon Espa\u00f1a<\/span><\/span><span class=\"EOP SCXW143803641 BCX8\" data-ccp-props=\"{&quot;134233117&quot;:false,&quot;134233118&quot;:false,&quot;335551550&quot;:0,&quot;335551620&quot;:0,&quot;335559738&quot;:240,&quot;335559739&quot;:240}\">&nbsp;<\/span><\/h4>\n<p><\/p>\n<p><span data-contrast=\"auto\">Juan Pablo Garc\u00eda-Lliber\u00f3s is an executive with extensive experience in the insurance and risk consulting sector, specializing in commercial strategy, business development, and key account management. He is currently Chief Commercial Officer (CCO) of Aon Spain, a position he has held since 2021, leading the firm&#8217;s commercial strategy and growth in the Spanish market.<\/span><\/p><p><span data-contrast=\"auto\"><br>He holds a degree in Business Administration and Management, with a specialization in Finance, from the CEU San Pablo University and the University of Fribourg, and also has executive training in Commercial Management and Team Management from the ESIC Business &amp; Marketing School.<\/span><\/p><p><span data-contrast=\"auto\"><br>Throughout more than fifteen years at Aon, he has held various positions of responsibility, including Executive Director for the Madrid region and National Director of Health &amp; Benefits, leading multidisciplinary teams and strategic projects in insurance solutions, employee benefits, and comprehensive risk management.<\/span><\/p><p><span data-contrast=\"auto\"><br>Previously, he developed his career at Marsh, where he worked as International Account Executive and Financial Risk Executive, and at Allied Domecq, in the finance and risk management area.<\/span><\/p><p><span data-contrast=\"auto\"><br>His experience focuses on risk consulting, corporate insurance, employee benefits, and commercial leadership, providing a strategic vision oriented towards value creation and sustainable growth for organizations. <\/span><\/p>\t\t\t\t\t\t\t\t<\/div>\n\t\t\t\t<\/div>\n\t\t\t\t\t<\/div>\n\t\t<\/div>\n\t\t\t\t\t<\/div>\n\t\t<\/section>\n\t\t\t\t<\/div>\n\t\t","protected":false},"excerpt":{"rendered":"<p>D. Juan Pablo Garc\u00eda-Lliber\u00f3s Chief Commercial Officer (CCO) \u2014 Aon Espa\u00f1a&nbsp; Juan Pablo Garc\u00eda-Lliber\u00f3s is an executive with extensive experience in the insurance and risk consulting sector, specializing in commercial strategy, business development, and key account management. He is currently Chief Commercial Officer (CCO) of Aon Spain, a position he has held since 2021, leading&hellip; <a class=\"more-link\" href=\"https:\/\/www.spaininvestorsday.com\/en\/editions\/speakers\/juan-pablo-garcia-lliberos-de-porres\/\">Continue reading <span class=\"screen-reader-text\">Juan Pablo Garc\u00eda-Lliber\u00f3s de Porres<\/span><\/a><\/p>\n","protected":false},"author":3,"featured_media":0,"parent":8627,"menu_order":0,"comment_status":"closed","ping_status":"closed","template":"elementor_header_footer","meta":{"inline_featured_image":false,"footnotes":""},"class_list":["post-24718","page","type-page","status-publish","hentry","entry"],"yoast_head":"<!-- This site is optimized with the Yoast SEO plugin v26.6 - https:\/\/yoast.com\/wordpress\/plugins\/seo\/ -->\n<title>Juan Pablo Garc\u00eda-Lliber\u00f3s de Porres - Spain Investors Day<\/title>\n<meta name=\"robots\" content=\"index, follow, max-snippet:-1, max-image-preview:large, max-video-preview:-1\" \/>\n<link rel=\"canonical\" href=\"https:\/\/www.spaininvestorsday.com\/en\/editions\/speakers\/juan-pablo-garcia-lliberos-de-porres\/\" \/>\n<meta property=\"og:locale\" content=\"en_US\" \/>\n<meta property=\"og:type\" content=\"article\" \/>\n<meta property=\"og:title\" content=\"Juan Pablo Garc\u00eda-Lliber\u00f3s de Porres - Spain Investors Day\" \/>\n<meta property=\"og:description\" content=\"D. Juan Pablo Garc\u00eda-Lliber\u00f3s Chief Commercial Officer (CCO) \u2014 Aon Espa\u00f1a&nbsp; Juan Pablo Garc\u00eda-Lliber\u00f3s is an executive with extensive experience in the insurance and risk consulting sector, specializing in commercial strategy, business development, and key account management. He is currently Chief Commercial Officer (CCO) of Aon Spain, a position he has held since 2021, leading&hellip; Continue reading Juan Pablo Garc\u00eda-Lliber\u00f3s de Porres\" \/>\n<meta property=\"og:url\" content=\"https:\/\/www.spaininvestorsday.com\/en\/editions\/speakers\/juan-pablo-garcia-lliberos-de-porres\/\" \/>\n<meta property=\"og:site_name\" content=\"Spain Investors Day\" \/>\n<meta property=\"article:modified_time\" content=\"2026-01-08T16:16:45+00:00\" \/>\n<meta property=\"og:image\" content=\"https:\/\/www.spaininvestorsday.com\/wp-content\/uploads\/elementor\/thumbs\/1695820624103-rhcrh8wrsfzse9hz5oxc3mbu39fgh3cyn9v2vm7mkg.jpg\" \/>\n<meta name=\"twitter:card\" content=\"summary_large_image\" \/>\n<meta name=\"twitter:label1\" content=\"Est. reading time\" \/>\n\t<meta name=\"twitter:data1\" content=\"2 minutes\" \/>\n<script type=\"application\/ld+json\" class=\"yoast-schema-graph\">{\"@context\":\"https:\/\/schema.org\",\"@graph\":[{\"@type\":\"WebPage\",\"@id\":\"https:\/\/www.spaininvestorsday.com\/en\/editions\/speakers\/juan-pablo-garcia-lliberos-de-porres\/\",\"url\":\"https:\/\/www.spaininvestorsday.com\/en\/editions\/speakers\/juan-pablo-garcia-lliberos-de-porres\/\",\"name\":\"Juan Pablo Garc\u00eda-Lliber\u00f3s de Porres - Spain Investors Day\",\"isPartOf\":{\"@id\":\"https:\/\/www.spaininvestorsday.com\/#website\"},\"primaryImageOfPage\":{\"@id\":\"https:\/\/www.spaininvestorsday.com\/en\/editions\/speakers\/juan-pablo-garcia-lliberos-de-porres\/#primaryimage\"},\"image\":{\"@id\":\"https:\/\/www.spaininvestorsday.com\/en\/editions\/speakers\/juan-pablo-garcia-lliberos-de-porres\/#primaryimage\"},\"thumbnailUrl\":\"https:\/\/www.spaininvestorsday.com\/wp-content\/uploads\/elementor\/thumbs\/1695820624103-rhcrh8wrsfzse9hz5oxc3mbu39fgh3cyn9v2vm7mkg.jpg\",\"datePublished\":\"2026-01-08T16:14:28+00:00\",\"dateModified\":\"2026-01-08T16:16:45+00:00\",\"breadcrumb\":{\"@id\":\"https:\/\/www.spaininvestorsday.com\/en\/editions\/speakers\/juan-pablo-garcia-lliberos-de-porres\/#breadcrumb\"},\"inLanguage\":\"en-US\",\"potentialAction\":[{\"@type\":\"ReadAction\",\"target\":[\"https:\/\/www.spaininvestorsday.com\/en\/editions\/speakers\/juan-pablo-garcia-lliberos-de-porres\/\"]}]},{\"@type\":\"ImageObject\",\"inLanguage\":\"en-US\",\"@id\":\"https:\/\/www.spaininvestorsday.com\/en\/editions\/speakers\/juan-pablo-garcia-lliberos-de-porres\/#primaryimage\",\"url\":\"https:\/\/www.spaininvestorsday.com\/wp-content\/uploads\/elementor\/thumbs\/1695820624103-rhcrh8wrsfzse9hz5oxc3mbu39fgh3cyn9v2vm7mkg.jpg\",\"contentUrl\":\"https:\/\/www.spaininvestorsday.com\/wp-content\/uploads\/elementor\/thumbs\/1695820624103-rhcrh8wrsfzse9hz5oxc3mbu39fgh3cyn9v2vm7mkg.jpg\"},{\"@type\":\"BreadcrumbList\",\"@id\":\"https:\/\/www.spaininvestorsday.com\/en\/editions\/speakers\/juan-pablo-garcia-lliberos-de-porres\/#breadcrumb\",\"itemListElement\":[{\"@type\":\"ListItem\",\"position\":1,\"name\":\"Portada\",\"item\":\"https:\/\/www.spaininvestorsday.com\/\"},{\"@type\":\"ListItem\",\"position\":2,\"name\":\"Editions\",\"item\":\"https:\/\/www.spaininvestorsday.com\/en\/editions\/\"},{\"@type\":\"ListItem\",\"position\":3,\"name\":\"Speakers\",\"item\":\"https:\/\/www.spaininvestorsday.com\/en\/editions\/speakers\/\"},{\"@type\":\"ListItem\",\"position\":4,\"name\":\"Juan Pablo Garc\u00eda-Lliber\u00f3s de Porres\"}]},{\"@type\":\"WebSite\",\"@id\":\"https:\/\/www.spaininvestorsday.com\/#website\",\"url\":\"https:\/\/www.spaininvestorsday.com\/\",\"name\":\"Spain Investors Day\",\"description\":\"El foro profesional \u00fanico en Espa\u00f1a\",\"publisher\":{\"@id\":\"https:\/\/www.spaininvestorsday.com\/#organization\"},\"potentialAction\":[{\"@type\":\"SearchAction\",\"target\":{\"@type\":\"EntryPoint\",\"urlTemplate\":\"https:\/\/www.spaininvestorsday.com\/?s={search_term_string}\"},\"query-input\":{\"@type\":\"PropertyValueSpecification\",\"valueRequired\":true,\"valueName\":\"search_term_string\"}}],\"inLanguage\":\"en-US\"},{\"@type\":\"Organization\",\"@id\":\"https:\/\/www.spaininvestorsday.com\/#organization\",\"name\":\"Spain Investors Day\",\"url\":\"https:\/\/www.spaininvestorsday.com\/\",\"logo\":{\"@type\":\"ImageObject\",\"inLanguage\":\"en-US\",\"@id\":\"https:\/\/www.spaininvestorsday.com\/#\/schema\/logo\/image\/\",\"url\":\"https:\/\/www.spaininvestorsday.com\/wp-content\/uploads\/2021\/10\/SID-2021.svg\",\"contentUrl\":\"https:\/\/www.spaininvestorsday.com\/wp-content\/uploads\/2021\/10\/SID-2021.svg\",\"width\":199,\"height\":79,\"caption\":\"Spain Investors Day\"},\"image\":{\"@id\":\"https:\/\/www.spaininvestorsday.com\/#\/schema\/logo\/image\/\"}}]}<\/script>\n<!-- \/ Yoast SEO plugin. -->","yoast_head_json":{"title":"Juan Pablo Garc\u00eda-Lliber\u00f3s de Porres - Spain Investors Day","robots":{"index":"index","follow":"follow","max-snippet":"max-snippet:-1","max-image-preview":"max-image-preview:large","max-video-preview":"max-video-preview:-1"},"canonical":"https:\/\/www.spaininvestorsday.com\/en\/editions\/speakers\/juan-pablo-garcia-lliberos-de-porres\/","og_locale":"en_US","og_type":"article","og_title":"Juan Pablo Garc\u00eda-Lliber\u00f3s de Porres - Spain Investors Day","og_description":"D. Juan Pablo Garc\u00eda-Lliber\u00f3s Chief Commercial Officer (CCO) \u2014 Aon Espa\u00f1a&nbsp; Juan Pablo Garc\u00eda-Lliber\u00f3s is an executive with extensive experience in the insurance and risk consulting sector, specializing in commercial strategy, business development, and key account management. He is currently Chief Commercial Officer (CCO) of Aon Spain, a position he has held since 2021, leading&hellip; Continue reading Juan Pablo Garc\u00eda-Lliber\u00f3s de Porres","og_url":"https:\/\/www.spaininvestorsday.com\/en\/editions\/speakers\/juan-pablo-garcia-lliberos-de-porres\/","og_site_name":"Spain Investors Day","article_modified_time":"2026-01-08T16:16:45+00:00","og_image":[{"url":"https:\/\/www.spaininvestorsday.com\/wp-content\/uploads\/elementor\/thumbs\/1695820624103-rhcrh8wrsfzse9hz5oxc3mbu39fgh3cyn9v2vm7mkg.jpg","type":"","width":"","height":""}],"twitter_card":"summary_large_image","twitter_misc":{"Est. reading time":"2 minutes"},"schema":{"@context":"https:\/\/schema.org","@graph":[{"@type":"WebPage","@id":"https:\/\/www.spaininvestorsday.com\/en\/editions\/speakers\/juan-pablo-garcia-lliberos-de-porres\/","url":"https:\/\/www.spaininvestorsday.com\/en\/editions\/speakers\/juan-pablo-garcia-lliberos-de-porres\/","name":"Juan Pablo Garc\u00eda-Lliber\u00f3s de Porres - Spain Investors Day","isPartOf":{"@id":"https:\/\/www.spaininvestorsday.com\/#website"},"primaryImageOfPage":{"@id":"https:\/\/www.spaininvestorsday.com\/en\/editions\/speakers\/juan-pablo-garcia-lliberos-de-porres\/#primaryimage"},"image":{"@id":"https:\/\/www.spaininvestorsday.com\/en\/editions\/speakers\/juan-pablo-garcia-lliberos-de-porres\/#primaryimage"},"thumbnailUrl":"https:\/\/www.spaininvestorsday.com\/wp-content\/uploads\/elementor\/thumbs\/1695820624103-rhcrh8wrsfzse9hz5oxc3mbu39fgh3cyn9v2vm7mkg.jpg","datePublished":"2026-01-08T16:14:28+00:00","dateModified":"2026-01-08T16:16:45+00:00","breadcrumb":{"@id":"https:\/\/www.spaininvestorsday.com\/en\/editions\/speakers\/juan-pablo-garcia-lliberos-de-porres\/#breadcrumb"},"inLanguage":"en-US","potentialAction":[{"@type":"ReadAction","target":["https:\/\/www.spaininvestorsday.com\/en\/editions\/speakers\/juan-pablo-garcia-lliberos-de-porres\/"]}]},{"@type":"ImageObject","inLanguage":"en-US","@id":"https:\/\/www.spaininvestorsday.com\/en\/editions\/speakers\/juan-pablo-garcia-lliberos-de-porres\/#primaryimage","url":"https:\/\/www.spaininvestorsday.com\/wp-content\/uploads\/elementor\/thumbs\/1695820624103-rhcrh8wrsfzse9hz5oxc3mbu39fgh3cyn9v2vm7mkg.jpg","contentUrl":"https:\/\/www.spaininvestorsday.com\/wp-content\/uploads\/elementor\/thumbs\/1695820624103-rhcrh8wrsfzse9hz5oxc3mbu39fgh3cyn9v2vm7mkg.jpg"},{"@type":"BreadcrumbList","@id":"https:\/\/www.spaininvestorsday.com\/en\/editions\/speakers\/juan-pablo-garcia-lliberos-de-porres\/#breadcrumb","itemListElement":[{"@type":"ListItem","position":1,"name":"Portada","item":"https:\/\/www.spaininvestorsday.com\/"},{"@type":"ListItem","position":2,"name":"Editions","item":"https:\/\/www.spaininvestorsday.com\/en\/editions\/"},{"@type":"ListItem","position":3,"name":"Speakers","item":"https:\/\/www.spaininvestorsday.com\/en\/editions\/speakers\/"},{"@type":"ListItem","position":4,"name":"Juan Pablo Garc\u00eda-Lliber\u00f3s de Porres"}]},{"@type":"WebSite","@id":"https:\/\/www.spaininvestorsday.com\/#website","url":"https:\/\/www.spaininvestorsday.com\/","name":"Spain Investors Day","description":"El foro profesional \u00fanico en Espa\u00f1a","publisher":{"@id":"https:\/\/www.spaininvestorsday.com\/#organization"},"potentialAction":[{"@type":"SearchAction","target":{"@type":"EntryPoint","urlTemplate":"https:\/\/www.spaininvestorsday.com\/?s={search_term_string}"},"query-input":{"@type":"PropertyValueSpecification","valueRequired":true,"valueName":"search_term_string"}}],"inLanguage":"en-US"},{"@type":"Organization","@id":"https:\/\/www.spaininvestorsday.com\/#organization","name":"Spain Investors Day","url":"https:\/\/www.spaininvestorsday.com\/","logo":{"@type":"ImageObject","inLanguage":"en-US","@id":"https:\/\/www.spaininvestorsday.com\/#\/schema\/logo\/image\/","url":"https:\/\/www.spaininvestorsday.com\/wp-content\/uploads\/2021\/10\/SID-2021.svg","contentUrl":"https:\/\/www.spaininvestorsday.com\/wp-content\/uploads\/2021\/10\/SID-2021.svg","width":199,"height":79,"caption":"Spain Investors Day"},"image":{"@id":"https:\/\/www.spaininvestorsday.com\/#\/schema\/logo\/image\/"}}]}},"_links":{"self":[{"href":"https:\/\/www.spaininvestorsday.com\/en\/wp-json\/wp\/v2\/pages\/24718","targetHints":{"allow":["GET"]}}],"collection":[{"href":"https:\/\/www.spaininvestorsday.com\/en\/wp-json\/wp\/v2\/pages"}],"about":[{"href":"https:\/\/www.spaininvestorsday.com\/en\/wp-json\/wp\/v2\/types\/page"}],"author":[{"embeddable":true,"href":"https:\/\/www.spaininvestorsday.com\/en\/wp-json\/wp\/v2\/users\/3"}],"replies":[{"embeddable":true,"href":"https:\/\/www.spaininvestorsday.com\/en\/wp-json\/wp\/v2\/comments?post=24718"}],"version-history":[{"count":4,"href":"https:\/\/www.spaininvestorsday.com\/en\/wp-json\/wp\/v2\/pages\/24718\/revisions"}],"predecessor-version":[{"id":24722,"href":"https:\/\/www.spaininvestorsday.com\/en\/wp-json\/wp\/v2\/pages\/24718\/revisions\/24722"}],"up":[{"embeddable":true,"href":"https:\/\/www.spaininvestorsday.com\/en\/wp-json\/wp\/v2\/pages\/8627"}],"wp:attachment":[{"href":"https:\/\/www.spaininvestorsday.com\/en\/wp-json\/wp\/v2\/media?parent=24718"}],"curies":[{"name":"wp","href":"https:\/\/api.w.org\/{rel}","templated":true}]}}