{"id":21532,"date":"2024-12-23T15:54:24","date_gmt":"2024-12-23T15:54:24","guid":{"rendered":"https:\/\/www.spaininvestorsday.com\/?page_id=21532"},"modified":"2025-12-16T10:34:07","modified_gmt":"2025-12-16T10:34:07","slug":"daniel-traca","status":"publish","type":"page","link":"https:\/\/www.spaininvestorsday.com\/en\/editions\/speakers\/daniel-traca\/","title":{"rendered":"Daniel Tra\u00e7a"},"content":{"rendered":"\t\t<div data-elementor-type=\"wp-page\" data-elementor-id=\"21532\" class=\"elementor elementor-21532 elementor-21531\" data-elementor-post-type=\"page\">\n\t\t\t\t\t\t<section class=\"elementor-section elementor-top-section elementor-element elementor-element-15a05b3e elementor-section-boxed elementor-section-height-default elementor-section-height-default\" data-id=\"15a05b3e\" data-element_type=\"section\" data-settings=\"{&quot;background_background&quot;:&quot;classic&quot;}\">\n\t\t\t\t\t\t<div class=\"elementor-container elementor-column-gap-default\">\n\t\t\t\t\t<div class=\"elementor-column elementor-col-33 elementor-top-column elementor-element elementor-element-74492401\" data-id=\"74492401\" data-element_type=\"column\">\n\t\t\t<div class=\"elementor-widget-wrap\">\n\t\t\t\t\t\t\t<\/div>\n\t\t<\/div>\n\t\t\t\t<div class=\"elementor-column elementor-col-66 elementor-top-column elementor-element elementor-element-306bd958\" data-id=\"306bd958\" data-element_type=\"column\">\n\t\t\t<div class=\"elementor-widget-wrap elementor-element-populated\">\n\t\t\t\t\t\t<div class=\"elementor-element elementor-element-668b1fa elementor-widget elementor-widget-text-editor\" data-id=\"668b1fa\" data-element_type=\"widget\" data-widget_type=\"text-editor.default\">\n\t\t\t\t<div class=\"elementor-widget-container\">\n\t\t\t\t\t\t\t\t\t<p>Daniel Tra\u00e7a<\/p>\t\t\t\t\t\t\t\t<\/div>\n\t\t\t\t<\/div>\n\t\t\t\t\t<\/div>\n\t\t<\/div>\n\t\t\t\t\t<\/div>\n\t\t<\/section>\n\t\t\t\t<section class=\"elementor-section elementor-top-section elementor-element elementor-element-3729ed05 elementor-section-boxed elementor-section-height-default elementor-section-height-default\" data-id=\"3729ed05\" data-element_type=\"section\">\n\t\t\t\t\t\t<div class=\"elementor-container elementor-column-gap-default\">\n\t\t\t\t\t<div class=\"elementor-column elementor-col-33 elementor-top-column elementor-element elementor-element-6b3bb2bc\" data-id=\"6b3bb2bc\" data-element_type=\"column\">\n\t\t\t<div class=\"elementor-widget-wrap elementor-element-populated\">\n\t\t\t\t\t\t<div class=\"elementor-element elementor-element-40412d5a elementor-absolute elementor-hidden-mobile elementor-widget elementor-widget-image\" data-id=\"40412d5a\" data-element_type=\"widget\" data-settings=\"{&quot;_position&quot;:&quot;absolute&quot;}\" data-widget_type=\"image.default\">\n\t\t\t\t<div class=\"elementor-widget-container\">\n\t\t\t\t\t\t\t\t\t\t\t\t\t\t\t<img decoding=\"async\" src=\"https:\/\/www.spaininvestorsday.com\/wp-content\/uploads\/elementor\/thumbs\/daniel-traca-nova-sbe-qyxsajobnkd7rulnw6jl6ysopf1h6xoc1jwcv7f4y8.jpg\" title=\"daniel-traca-nova-sbe\" alt=\"daniel-traca-nova-sbe\" loading=\"lazy\" \/>\t\t\t\t\t\t\t\t\t\t\t\t\t\t\t<\/div>\n\t\t\t\t<\/div>\n\t\t\t\t<div class=\"elementor-element elementor-element-71a69102 elementor-hidden-desktop elementor-hidden-tablet elementor-widget elementor-widget-image\" data-id=\"71a69102\" data-element_type=\"widget\" data-widget_type=\"image.default\">\n\t\t\t\t<div class=\"elementor-widget-container\">\n\t\t\t\t\t\t\t\t\t\t\t\t\t\t\t<img decoding=\"async\" src=\"https:\/\/www.spaininvestorsday.com\/wp-content\/uploads\/elementor\/thumbs\/adolfo-calvino-e1673340970895-q0g6p2ee7xbjk9pkg0zf55c83ikfz8p7ha9p7g0low.jpg\" title=\"adolfo calvi\u00f1o\" alt=\"adolfo calvi\u00f1o\" loading=\"lazy\" \/>\t\t\t\t\t\t\t\t\t\t\t\t\t\t\t<\/div>\n\t\t\t\t<\/div>\n\t\t\t\t\t<\/div>\n\t\t<\/div>\n\t\t\t\t<div class=\"elementor-column elementor-col-66 elementor-top-column elementor-element elementor-element-5c39662a\" data-id=\"5c39662a\" data-element_type=\"column\">\n\t\t\t<div class=\"elementor-widget-wrap elementor-element-populated\">\n\t\t\t\t\t\t<div class=\"elementor-element elementor-element-72bf71 elementor-widget elementor-widget-text-editor\" data-id=\"72bf71\" data-element_type=\"widget\" data-widget_type=\"text-editor.default\">\n\t\t\t\t<div class=\"elementor-widget-container\">\n\t\t\t\t\t\t\t\t\t<h3><span class=\"TextRun SCXW61731935 BCX9\" lang=\"EN-GB\" xml:lang=\"EN-GB\" data-contrast=\"auto\"><span class=\"NormalTextRun SpellingErrorV2Themed SCXW61731935 BCX9\">CEO of ESADE<\/span><\/span><\/h3><p>Daniel Tra\u00e7a holds a PhD in Economics from Columbia University (New York) and a degree in the same subject from the Nova School of Business and Economics (Lisbon), where he was Dean from 2015 to 2022. In addition to an extensive academic career, he has also worked as a consultant for the World Bank and the European Commission.<\/p><p>On 1 September 2024 he was appointed CEO of Esade.<\/p>\t\t\t\t\t\t\t\t<\/div>\n\t\t\t\t<\/div>\n\t\t\t\t\t<\/div>\n\t\t<\/div>\n\t\t\t\t\t<\/div>\n\t\t<\/section>\n\t\t\t\t<\/div>\n\t\t","protected":false},"excerpt":{"rendered":"<p>Daniel Tra\u00e7a CEO of ESADE Daniel Tra\u00e7a holds a PhD in Economics from Columbia University (New York) and a degree in the same subject from the Nova School of Business and Economics (Lisbon), where he was Dean from 2015 to 2022. In addition to an extensive academic career, he has also worked as a consultant&hellip; <a class=\"more-link\" href=\"https:\/\/www.spaininvestorsday.com\/en\/editions\/speakers\/daniel-traca\/\">Continue reading <span class=\"screen-reader-text\">Daniel Tra\u00e7a<\/span><\/a><\/p>\n","protected":false},"author":11,"featured_media":0,"parent":8627,"menu_order":0,"comment_status":"closed","ping_status":"closed","template":"elementor_header_footer","meta":{"inline_featured_image":false,"footnotes":""},"class_list":["post-21532","page","type-page","status-publish","hentry","entry"],"yoast_head":"<!-- This site is optimized with the Yoast SEO plugin v26.6 - https:\/\/yoast.com\/wordpress\/plugins\/seo\/ -->\n<title>Daniel Tra\u00e7a - Spain Investors Day<\/title>\n<meta name=\"robots\" content=\"index, follow, max-snippet:-1, max-image-preview:large, max-video-preview:-1\" \/>\n<link rel=\"canonical\" href=\"https:\/\/www.spaininvestorsday.com\/en\/editions\/speakers\/daniel-traca\/\" \/>\n<meta property=\"og:locale\" content=\"en_US\" \/>\n<meta property=\"og:type\" content=\"article\" \/>\n<meta property=\"og:title\" content=\"Daniel Tra\u00e7a - Spain Investors Day\" \/>\n<meta property=\"og:description\" content=\"Daniel Tra\u00e7a CEO of ESADE Daniel Tra\u00e7a holds a PhD in Economics from Columbia University (New York) and a degree in the same subject from the Nova School of Business and Economics (Lisbon), where he was Dean from 2015 to 2022. In addition to an extensive academic career, he has also worked as a consultant&hellip; Continue reading Daniel Tra\u00e7a\" \/>\n<meta property=\"og:url\" content=\"https:\/\/www.spaininvestorsday.com\/en\/editions\/speakers\/daniel-traca\/\" \/>\n<meta property=\"og:site_name\" content=\"Spain Investors Day\" \/>\n<meta property=\"article:modified_time\" content=\"2025-12-16T10:34:07+00:00\" \/>\n<meta property=\"og:image\" content=\"https:\/\/www.spaininvestorsday.com\/wp-content\/uploads\/elementor\/thumbs\/daniel-traca-nova-sbe-qyxsajobnkd7rulnw6jl6ysopf1h6xoc1jwcv7f4y8.jpg\" \/>\n<meta name=\"twitter:card\" content=\"summary_large_image\" \/>\n<meta name=\"twitter:label1\" content=\"Est. reading time\" \/>\n\t<meta name=\"twitter:data1\" content=\"1 minute\" \/>\n<script type=\"application\/ld+json\" class=\"yoast-schema-graph\">{\"@context\":\"https:\/\/schema.org\",\"@graph\":[{\"@type\":\"WebPage\",\"@id\":\"https:\/\/www.spaininvestorsday.com\/en\/editions\/speakers\/daniel-traca\/\",\"url\":\"https:\/\/www.spaininvestorsday.com\/en\/editions\/speakers\/daniel-traca\/\",\"name\":\"Daniel Tra\u00e7a - Spain Investors Day\",\"isPartOf\":{\"@id\":\"https:\/\/www.spaininvestorsday.com\/#website\"},\"primaryImageOfPage\":{\"@id\":\"https:\/\/www.spaininvestorsday.com\/en\/editions\/speakers\/daniel-traca\/#primaryimage\"},\"image\":{\"@id\":\"https:\/\/www.spaininvestorsday.com\/en\/editions\/speakers\/daniel-traca\/#primaryimage\"},\"thumbnailUrl\":\"https:\/\/www.spaininvestorsday.com\/wp-content\/uploads\/elementor\/thumbs\/daniel-traca-nova-sbe-qyxsajobnkd7rulnw6jl6ysopf1h6xoc1jwcv7f4y8.jpg\",\"datePublished\":\"2024-12-23T15:54:24+00:00\",\"dateModified\":\"2025-12-16T10:34:07+00:00\",\"breadcrumb\":{\"@id\":\"https:\/\/www.spaininvestorsday.com\/en\/editions\/speakers\/daniel-traca\/#breadcrumb\"},\"inLanguage\":\"en-US\",\"potentialAction\":[{\"@type\":\"ReadAction\",\"target\":[\"https:\/\/www.spaininvestorsday.com\/en\/editions\/speakers\/daniel-traca\/\"]}]},{\"@type\":\"ImageObject\",\"inLanguage\":\"en-US\",\"@id\":\"https:\/\/www.spaininvestorsday.com\/en\/editions\/speakers\/daniel-traca\/#primaryimage\",\"url\":\"https:\/\/www.spaininvestorsday.com\/wp-content\/uploads\/elementor\/thumbs\/daniel-traca-nova-sbe-qyxsajobnkd7rulnw6jl6ysopf1h6xoc1jwcv7f4y8.jpg\",\"contentUrl\":\"https:\/\/www.spaininvestorsday.com\/wp-content\/uploads\/elementor\/thumbs\/daniel-traca-nova-sbe-qyxsajobnkd7rulnw6jl6ysopf1h6xoc1jwcv7f4y8.jpg\"},{\"@type\":\"BreadcrumbList\",\"@id\":\"https:\/\/www.spaininvestorsday.com\/en\/editions\/speakers\/daniel-traca\/#breadcrumb\",\"itemListElement\":[{\"@type\":\"ListItem\",\"position\":1,\"name\":\"Portada\",\"item\":\"https:\/\/www.spaininvestorsday.com\/\"},{\"@type\":\"ListItem\",\"position\":2,\"name\":\"Editions\",\"item\":\"https:\/\/www.spaininvestorsday.com\/en\/editions\/\"},{\"@type\":\"ListItem\",\"position\":3,\"name\":\"Speakers\",\"item\":\"https:\/\/www.spaininvestorsday.com\/en\/editions\/speakers\/\"},{\"@type\":\"ListItem\",\"position\":4,\"name\":\"Daniel Tra\u00e7a\"}]},{\"@type\":\"WebSite\",\"@id\":\"https:\/\/www.spaininvestorsday.com\/#website\",\"url\":\"https:\/\/www.spaininvestorsday.com\/\",\"name\":\"Spain Investors Day\",\"description\":\"El foro profesional \u00fanico en Espa\u00f1a\",\"publisher\":{\"@id\":\"https:\/\/www.spaininvestorsday.com\/#organization\"},\"potentialAction\":[{\"@type\":\"SearchAction\",\"target\":{\"@type\":\"EntryPoint\",\"urlTemplate\":\"https:\/\/www.spaininvestorsday.com\/?s={search_term_string}\"},\"query-input\":{\"@type\":\"PropertyValueSpecification\",\"valueRequired\":true,\"valueName\":\"search_term_string\"}}],\"inLanguage\":\"en-US\"},{\"@type\":\"Organization\",\"@id\":\"https:\/\/www.spaininvestorsday.com\/#organization\",\"name\":\"Spain Investors Day\",\"url\":\"https:\/\/www.spaininvestorsday.com\/\",\"logo\":{\"@type\":\"ImageObject\",\"inLanguage\":\"en-US\",\"@id\":\"https:\/\/www.spaininvestorsday.com\/#\/schema\/logo\/image\/\",\"url\":\"https:\/\/www.spaininvestorsday.com\/wp-content\/uploads\/2021\/10\/SID-2021.svg\",\"contentUrl\":\"https:\/\/www.spaininvestorsday.com\/wp-content\/uploads\/2021\/10\/SID-2021.svg\",\"width\":199,\"height\":79,\"caption\":\"Spain Investors Day\"},\"image\":{\"@id\":\"https:\/\/www.spaininvestorsday.com\/#\/schema\/logo\/image\/\"}}]}<\/script>\n<!-- \/ Yoast SEO plugin. -->","yoast_head_json":{"title":"Daniel Tra\u00e7a - Spain Investors Day","robots":{"index":"index","follow":"follow","max-snippet":"max-snippet:-1","max-image-preview":"max-image-preview:large","max-video-preview":"max-video-preview:-1"},"canonical":"https:\/\/www.spaininvestorsday.com\/en\/editions\/speakers\/daniel-traca\/","og_locale":"en_US","og_type":"article","og_title":"Daniel Tra\u00e7a - Spain Investors Day","og_description":"Daniel Tra\u00e7a CEO of ESADE Daniel Tra\u00e7a holds a PhD in Economics from Columbia University (New York) and a degree in the same subject from the Nova School of Business and Economics (Lisbon), where he was Dean from 2015 to 2022. In addition to an extensive academic career, he has also worked as a consultant&hellip; Continue reading Daniel Tra\u00e7a","og_url":"https:\/\/www.spaininvestorsday.com\/en\/editions\/speakers\/daniel-traca\/","og_site_name":"Spain Investors Day","article_modified_time":"2025-12-16T10:34:07+00:00","og_image":[{"url":"https:\/\/www.spaininvestorsday.com\/wp-content\/uploads\/elementor\/thumbs\/daniel-traca-nova-sbe-qyxsajobnkd7rulnw6jl6ysopf1h6xoc1jwcv7f4y8.jpg","type":"","width":"","height":""}],"twitter_card":"summary_large_image","twitter_misc":{"Est. reading time":"1 minute"},"schema":{"@context":"https:\/\/schema.org","@graph":[{"@type":"WebPage","@id":"https:\/\/www.spaininvestorsday.com\/en\/editions\/speakers\/daniel-traca\/","url":"https:\/\/www.spaininvestorsday.com\/en\/editions\/speakers\/daniel-traca\/","name":"Daniel Tra\u00e7a - Spain Investors Day","isPartOf":{"@id":"https:\/\/www.spaininvestorsday.com\/#website"},"primaryImageOfPage":{"@id":"https:\/\/www.spaininvestorsday.com\/en\/editions\/speakers\/daniel-traca\/#primaryimage"},"image":{"@id":"https:\/\/www.spaininvestorsday.com\/en\/editions\/speakers\/daniel-traca\/#primaryimage"},"thumbnailUrl":"https:\/\/www.spaininvestorsday.com\/wp-content\/uploads\/elementor\/thumbs\/daniel-traca-nova-sbe-qyxsajobnkd7rulnw6jl6ysopf1h6xoc1jwcv7f4y8.jpg","datePublished":"2024-12-23T15:54:24+00:00","dateModified":"2025-12-16T10:34:07+00:00","breadcrumb":{"@id":"https:\/\/www.spaininvestorsday.com\/en\/editions\/speakers\/daniel-traca\/#breadcrumb"},"inLanguage":"en-US","potentialAction":[{"@type":"ReadAction","target":["https:\/\/www.spaininvestorsday.com\/en\/editions\/speakers\/daniel-traca\/"]}]},{"@type":"ImageObject","inLanguage":"en-US","@id":"https:\/\/www.spaininvestorsday.com\/en\/editions\/speakers\/daniel-traca\/#primaryimage","url":"https:\/\/www.spaininvestorsday.com\/wp-content\/uploads\/elementor\/thumbs\/daniel-traca-nova-sbe-qyxsajobnkd7rulnw6jl6ysopf1h6xoc1jwcv7f4y8.jpg","contentUrl":"https:\/\/www.spaininvestorsday.com\/wp-content\/uploads\/elementor\/thumbs\/daniel-traca-nova-sbe-qyxsajobnkd7rulnw6jl6ysopf1h6xoc1jwcv7f4y8.jpg"},{"@type":"BreadcrumbList","@id":"https:\/\/www.spaininvestorsday.com\/en\/editions\/speakers\/daniel-traca\/#breadcrumb","itemListElement":[{"@type":"ListItem","position":1,"name":"Portada","item":"https:\/\/www.spaininvestorsday.com\/"},{"@type":"ListItem","position":2,"name":"Editions","item":"https:\/\/www.spaininvestorsday.com\/en\/editions\/"},{"@type":"ListItem","position":3,"name":"Speakers","item":"https:\/\/www.spaininvestorsday.com\/en\/editions\/speakers\/"},{"@type":"ListItem","position":4,"name":"Daniel Tra\u00e7a"}]},{"@type":"WebSite","@id":"https:\/\/www.spaininvestorsday.com\/#website","url":"https:\/\/www.spaininvestorsday.com\/","name":"Spain Investors Day","description":"El foro profesional \u00fanico en Espa\u00f1a","publisher":{"@id":"https:\/\/www.spaininvestorsday.com\/#organization"},"potentialAction":[{"@type":"SearchAction","target":{"@type":"EntryPoint","urlTemplate":"https:\/\/www.spaininvestorsday.com\/?s={search_term_string}"},"query-input":{"@type":"PropertyValueSpecification","valueRequired":true,"valueName":"search_term_string"}}],"inLanguage":"en-US"},{"@type":"Organization","@id":"https:\/\/www.spaininvestorsday.com\/#organization","name":"Spain Investors Day","url":"https:\/\/www.spaininvestorsday.com\/","logo":{"@type":"ImageObject","inLanguage":"en-US","@id":"https:\/\/www.spaininvestorsday.com\/#\/schema\/logo\/image\/","url":"https:\/\/www.spaininvestorsday.com\/wp-content\/uploads\/2021\/10\/SID-2021.svg","contentUrl":"https:\/\/www.spaininvestorsday.com\/wp-content\/uploads\/2021\/10\/SID-2021.svg","width":199,"height":79,"caption":"Spain Investors Day"},"image":{"@id":"https:\/\/www.spaininvestorsday.com\/#\/schema\/logo\/image\/"}}]}},"_links":{"self":[{"href":"https:\/\/www.spaininvestorsday.com\/en\/wp-json\/wp\/v2\/pages\/21532","targetHints":{"allow":["GET"]}}],"collection":[{"href":"https:\/\/www.spaininvestorsday.com\/en\/wp-json\/wp\/v2\/pages"}],"about":[{"href":"https:\/\/www.spaininvestorsday.com\/en\/wp-json\/wp\/v2\/types\/page"}],"author":[{"embeddable":true,"href":"https:\/\/www.spaininvestorsday.com\/en\/wp-json\/wp\/v2\/users\/11"}],"replies":[{"embeddable":true,"href":"https:\/\/www.spaininvestorsday.com\/en\/wp-json\/wp\/v2\/comments?post=21532"}],"version-history":[{"count":7,"href":"https:\/\/www.spaininvestorsday.com\/en\/wp-json\/wp\/v2\/pages\/21532\/revisions"}],"predecessor-version":[{"id":24097,"href":"https:\/\/www.spaininvestorsday.com\/en\/wp-json\/wp\/v2\/pages\/21532\/revisions\/24097"}],"up":[{"embeddable":true,"href":"https:\/\/www.spaininvestorsday.com\/en\/wp-json\/wp\/v2\/pages\/8627"}],"wp:attachment":[{"href":"https:\/\/www.spaininvestorsday.com\/en\/wp-json\/wp\/v2\/media?parent=21532"}],"curies":[{"name":"wp","href":"https:\/\/api.w.org\/{rel}","templated":true}]}}